{"id":1916,"date":"2021-08-22T18:04:20","date_gmt":"2021-08-22T18:04:20","guid":{"rendered":"https:\/\/www.hairaffair.si\/?page_id=1916"},"modified":"2024-06-15T10:34:33","modified_gmt":"2024-06-15T08:34:33","slug":"o-meni","status":"publish","type":"page","link":"https:\/\/www.hairaffair.si\/?page_id=1916","title":{"rendered":"O MENI"},"content":{"rendered":"\t\t<div data-elementor-type=\"wp-page\" data-elementor-id=\"1916\" class=\"elementor elementor-1916\" data-elementor-settings=\"[]\">\n\t\t\t\t\t\t<div class=\"elementor-inner\">\n\t\t\t\t\t\t\t<div class=\"elementor-section-wrap\">\n\t\t\t\t\t\t\t<section class=\"elementor-section elementor-top-section elementor-element elementor-element-495843d4 elementor-section-boxed elementor-section-height-default elementor-section-height-default\" data-id=\"495843d4\" data-element_type=\"section\">\n\t\t\t\t\t\t<div class=\"elementor-container elementor-column-gap-default\">\n\t\t\t\t\t\t\t<div class=\"elementor-row\">\n\t\t\t\t\t<div class=\"elementor-column elementor-col-100 elementor-top-column elementor-element elementor-element-428db3d0\" data-id=\"428db3d0\" data-element_type=\"column\">\n\t\t\t<div class=\"elementor-column-wrap elementor-element-populated\">\n\t\t\t\t\t\t\t<div class=\"elementor-widget-wrap\">\n\t\t\t\t\t\t<div class=\"elementor-element elementor-element-603610d elementor-widget elementor-widget-text-editor\" data-id=\"603610d\" data-element_type=\"widget\" data-widget_type=\"text-editor.default\">\n\t\t\t\t<div class=\"elementor-widget-container\">\n\t\t\t\t\t\t\t\t<div class=\"elementor-text-editor elementor-clearfix\">\n\t\t\t\t<blockquote>\u017delja po ustvarjanju me spremlja \u017ee od malih nog in zato sem si od vedno \u017eelela biti umetnica.\n\n\u017de v \u010dasu \u0161olanja, na frizerski \u0161oli v Kranju, sem bila zelo predana kreativnemu delu in se udele\u017eevala raznih mednarodnih tekmovanj.<\/blockquote>\t\t\t\t\t<\/div>\n\t\t\t\t\t\t<\/div>\n\t\t\t\t<\/div>\n\t\t\t\t<div class=\"elementor-element elementor-element-520a61d elementor-widget elementor-widget-text-editor\" data-id=\"520a61d\" data-element_type=\"widget\" data-widget_type=\"text-editor.default\">\n\t\t\t\t<div class=\"elementor-widget-container\">\n\t\t\t\t\t\t\t\t<div class=\"elementor-text-editor elementor-clearfix\">\n\t\t\t\t<blockquote><p>Pri ustvarjanju me je zelo spodbujal frizer Gusty, ki mi je ponudil delo friziranja hostes za Slovenski festival vin v Ljubljani. Kasneje sem pri njem opravljala tudi pripravni\u0161tvo, ki mi je dalo ogromno kvalitetnega prakti\u010dnega znanja in izku\u0161enj.<\/p><p>Ker sem sama vedno trdila ve\u010d zna\u0161, ve\u010d velja\u0161 sem se preiskusila v salonu s popolnoma druga\u010dnim stilom dela. Tam sem se redno udele\u017eevala sejmov v Zagrebu, Loreal akademije in drugih izobra\u017eevanj. Vesela sem vsakega novega znanja, saj se nikoli ne zadovoljim s tem, kar \u017ee znam. Moj cilj je biti vsak dan bolj\u0161a.<\/p><\/blockquote>\t\t\t\t\t<\/div>\n\t\t\t\t\t\t<\/div>\n\t\t\t\t<\/div>\n\t\t\t\t<div class=\"elementor-element elementor-element-2969403 elementor-widget elementor-widget-image\" data-id=\"2969403\" data-element_type=\"widget\" data-widget_type=\"image.default\">\n\t\t\t\t<div class=\"elementor-widget-container\">\n\t\t\t\t\t\t\t\t<div class=\"elementor-image\">\n\t\t\t\t\t\t\t\t\t\t\t\t<img loading=\"lazy\" decoding=\"async\" width=\"768\" height=\"1024\" src=\"https:\/\/www.hairaffair.si\/wp-content\/uploads\/2021\/09\/viber_image_2021-09-23_16-06-36-594-768x1024.jpg\" class=\"attachment-medium_large size-medium_large\" alt=\"\" \/>\t\t\t\t\t\t\t\t\t\t\t\t\t\t<\/div>\n\t\t\t\t\t\t<\/div>\n\t\t\t\t<\/div>\n\t\t\t\t<div class=\"elementor-element elementor-element-f2b7cea elementor-widget elementor-widget-text-editor\" data-id=\"f2b7cea\" data-element_type=\"widget\" data-widget_type=\"text-editor.default\">\n\t\t\t\t<div class=\"elementor-widget-container\">\n\t\t\t\t\t\t\t\t<div class=\"elementor-text-editor elementor-clearfix\">\n\t\t\t\t<blockquote>Kasneje sem se zaposlila kot frizerka v Frizerskem salonu Forma, v Grand Hotelu Union v Ljubljani, kjer je bil stil dela popolnoma druga\u010den. Tam sem prav tako imela prilo\u017enost ustvarjati vrhunske frizure na zelo zahtevnih strankah. V tistem \u010dasu sem se veliko izobra\u017eevala na razli\u010dnih akademijah (npr. Loreal) ter obiskovala frizerske sejme (npr. v Zagrebu). Vse te izku\u0161nje so pomembno vplivale name in kmalu sem se po\u010dutila dovolj kompetentno, da grem na svojo samostojno pot.\nOpravljanje izzivov tega poklica je zares moj u\u017eitek. Vesela sem vsakega novega znanja, saj se nikoli ne zadovoljim s tem, kar \u017ee znam in se zato konstantno izobra\u017eujem in dopolnjujem. Moj cilj je biti vsak dan bolj\u0161a.<\/blockquote>\t\t\t\t\t<\/div>\n\t\t\t\t\t\t<\/div>\n\t\t\t\t<\/div>\n\t\t\t\t\t\t<\/div>\n\t\t\t\t\t<\/div>\n\t\t<\/div>\n\t\t\t\t\t\t\t\t<\/div>\n\t\t\t\t\t<\/div>\n\t\t<\/section>\n\t\t\t\t\t\t<\/div>\n\t\t\t\t\t\t<\/div>\n\t\t\t\t\t<\/div>\n\t\t","protected":false},"excerpt":{"rendered":"<p>\u017delja po ustvarjanju me spremlja \u017ee od malih nog in zato sem si od vedno \u017eelela biti umetnica. \u017de v \u010dasu \u0161olanja, na frizerski \u0161oli v Kranju, sem bila zelo predana kreativnemu delu in se udele\u017eevala raznih mednarodnih tekmovanj. Pri ustvarjanju me je zelo spodbujal frizer Gusty, ki mi je ponudil delo friziranja hostes za Slovenski festival vin v Ljubljani. Kasneje sem pri njem opravljala tudi pripravni\u0161tvo, ki mi je dalo ogromno kvalitetnega prakti\u010dnega znanja in izku\u0161enj. Ker sem sama vedno trdila ve\u010d zna\u0161, ve\u010d velja\u0161 sem se preiskusila v salonu s popolnoma druga\u010dnim stilom dela. Tam sem se redno&#8230; <\/p>\n","protected":false},"author":1,"featured_media":0,"parent":0,"menu_order":0,"comment_status":"closed","ping_status":"closed","template":"template-parts\/template-full-width.php","meta":{"footnotes":""},"class_list":["post-1916","page","type-page","status-publish","hentry"],"_links":{"self":[{"href":"https:\/\/www.hairaffair.si\/index.php?rest_route=\/wp\/v2\/pages\/1916","targetHints":{"allow":["GET"]}}],"collection":[{"href":"https:\/\/www.hairaffair.si\/index.php?rest_route=\/wp\/v2\/pages"}],"about":[{"href":"https:\/\/www.hairaffair.si\/index.php?rest_route=\/wp\/v2\/types\/page"}],"author":[{"embeddable":true,"href":"https:\/\/www.hairaffair.si\/index.php?rest_route=\/wp\/v2\/users\/1"}],"replies":[{"embeddable":true,"href":"https:\/\/www.hairaffair.si\/index.php?rest_route=%2Fwp%2Fv2%2Fcomments&post=1916"}],"version-history":[{"count":39,"href":"https:\/\/www.hairaffair.si\/index.php?rest_route=\/wp\/v2\/pages\/1916\/revisions"}],"predecessor-version":[{"id":2294,"href":"https:\/\/www.hairaffair.si\/index.php?rest_route=\/wp\/v2\/pages\/1916\/revisions\/2294"}],"wp:attachment":[{"href":"https:\/\/www.hairaffair.si\/index.php?rest_route=%2Fwp%2Fv2%2Fmedia&parent=1916"}],"curies":[{"name":"wp","href":"https:\/\/api.w.org\/{rel}","templated":true}]}}